{"id":7,"date":"2020-01-31T11:24:15","date_gmt":"2020-01-31T11:24:15","guid":{"rendered":"https:\/\/knetkur.ch\/?page_id=7"},"modified":"2025-12-12T09:35:49","modified_gmt":"2025-12-12T09:35:49","slug":"papierkram","status":"publish","type":"page","link":"https:\/\/knetkur.ch\/de\/papierkram\/","title":{"rendered":"Papierkram"},"content":{"rendered":"","protected":false},"excerpt":{"rendered":"","protected":false},"author":1,"featured_media":0,"parent":0,"menu_order":0,"comment_status":"closed","ping_status":"closed","template":"","meta":[],"class_list":["post-7","page","type-page","status-publish","hentry"],"grid":"{\r\n  \"colCount\": 12,\r\n  \"colGutter\": 1,\r\n  \"rowGutters\": [\r\n    5,\r\n    0,\r\n    40\r\n  ],\r\n  \"frameMargin\": 0,\r\n  \"topFrameMargin\": 0,\r\n  \"bottomFrameMargin\": 40,\r\n  \"rowAttrs\": [\r\n    {},\r\n    {},\r\n    {\r\n      \"classes\": \"beschrieb\"\r\n    },\r\n    {}\r\n  ],\r\n  \"bgColor\": null,\r\n  \"cont\": [\r\n    {\r\n      \"type\": \"img\",\r\n      \"cont\": \"\/wp-content\/uploads\/2020\/02\/mensch.png\",\r\n      \"align\": \"middle\",\r\n      \"row\": 0,\r\n      \"col\": 0,\r\n      \"colspan\": 12,\r\n      \"offsetx\": 0,\r\n      \"offsety\": 0,\r\n      \"spaceabove\": 0,\r\n      \"spacebelow\": 0,\r\n      \"yvel\": 1,\r\n      \"push\": 0,\r\n      \"relid\": 129,\r\n      \"attid\": 184,\r\n      \"sizes\": {\r\n        \"full\": \"\/wp-content\/uploads\/2020\/02\/mensch.png\",\r\n        \"_1920\": \"\/wp-content\/uploads\/2020\/02\/mensch-1920x1439.png\",\r\n        \"_1280\": \"\/wp-content\/uploads\/2020\/02\/mensch-1280x959.png\",\r\n        \"_1024\": \"\/wp-content\/uploads\/2020\/02\/mensch-1024x767.png\",\r\n        \"_768\": \"\/wp-content\/uploads\/2020\/02\/mensch-768x576.png\",\r\n        \"_512\": \"\/wp-content\/uploads\/2020\/02\/mensch-512x384.png\",\r\n        \"_265\": \"\/wp-content\/uploads\/2020\/02\/mensch-265x199.png\"\r\n      },\r\n      \"w\": 2382,\r\n      \"h\": 1785,\r\n      \"ar\": 0.7493702770780857,\r\n      \"alt\": \"\",\r\n      \"frameOverflow\": \"\",\r\n      \"classes\": \"fixed-bg\"\r\n    },\r\n    {\r\n      \"type\": \"img\",\r\n      \"cont\": \"\/wp-content\/uploads\/2020\/01\/Papierkram.png\",\r\n      \"align\": \"top\",\r\n      \"row\": 1,\r\n      \"col\": 0,\r\n      \"colspan\": 12,\r\n      \"offsetx\": 0,\r\n      \"offsety\": 0,\r\n      \"spaceabove\": 0,\r\n      \"spacebelow\": 0,\r\n      \"yvel\": 1,\r\n      \"push\": 0,\r\n      \"relid\": 217,\r\n      \"attid\": 113,\r\n      \"sizes\": {\r\n        \"full\": \"\/wp-content\/uploads\/2020\/01\/Papierkram.png\",\r\n        \"_1920\": \"\/wp-content\/uploads\/2020\/01\/Papierkram-1920x852.png\",\r\n        \"_1280\": \"\/wp-content\/uploads\/2020\/01\/Papierkram-1280x568.png\",\r\n        \"_1024\": \"\/wp-content\/uploads\/2020\/01\/Papierkram-1024x455.png\",\r\n        \"_768\": \"\/wp-content\/uploads\/2020\/01\/Papierkram-768x341.png\",\r\n        \"_512\": \"\/wp-content\/uploads\/2020\/01\/Papierkram-512x227.png\",\r\n        \"_265\": \"\/wp-content\/uploads\/2020\/01\/Papierkram-265x118.png\"\r\n      },\r\n      \"w\": 2383,\r\n      \"h\": 1058,\r\n      \"ar\": 0.443978178766261,\r\n      \"alt\": \"\",\r\n      \"classes\": \"hands\"\r\n    },\r\n    {\r\n      \"type\": \"text\",\r\n      \"cont\": \"<h1 class=\\\"_Titel\\\">Papierkram<\/h1><h1 class=\\\"_Untertitel\\\">Preise + Versicherung<\/h1><h1><strong>Preis\u00e4nderung<\/strong> per 1.1.2026 NEU 60 Minuten CHF 145.-\u00a0<br \/>Abrechnung gem\u00e4ss Tarif 590 pro 5 Min. CHF 12.085<br \/><br \/><\/h1><h1 class=\\\"_Ueberschrift\\\">Preise<\/h1><p>60 Minuten CHF 140.-<br \/>Abrechnung gem\u00e4ss Tarif 590 pro 5 Min. CHF 11.66<\/p><h1 class=\\\"_Ueberschrift\\\"><br \/>Allgemeine Gesch\u00e4ftsbedingungen (AGB) Im Verhinderungsfall<\/h1><p>Bitte 24h vorher abmelden via Mail <a class=\\\"\\\" href=\\\"mailto:info@knetkur.ch\\\" data-id=\\\"0\\\">e-Mail<\/a>, WhatsApp, SMS oder Telefonisch +41 76 247 81 94. Andernfalls wird die Sitzung zum vollen Tarif verrechnet. Der R\u00fcckforderungsbeleg f\u00fcr die Krankankasse wird als <br \/>\\\"verpasste Konsultation\\\" ausgestellt und privat in Rechnung gestellt.<\/p><h1 class=\\\"_Ueberschrift\\\">Krankenkasse<\/h1><p>Die Kosten f\u00fcr die Medizinische Massage werden nicht von der obligatorischen Grundversicherung \u00fcbernommen. Daf\u00fcr braucht es eine freiwillige Zusatzversicherung (Komplement\u00e4rmedizin). <br \/><br \/>Ich bin bei s\u00e4mtlichen Zusatzversicherungen als Therapeutin anerkannt. <br \/>Bitte erkundigen sie sich im Voraus bei ihrer Versicherung ob und zu welchem Kostenanteil die Behandlung \u00fcbernommen wird.<\/p><h1 class=\\\"_Ueberschrift\\\">Unfallversicherung<\/h1><p>Bei einem Unfall ben\u00f6tigen Sie zwingend eine Kostengusprache ihrer Unfallversicherung. Bitte kl\u00e4ren Sie das direkt mit der zust\u00e4ndigen Versicherung im Vorfeld ab.<\/p><h1 class=\\\"_Ueberschrift\\\">\u00c4rztliche Verordnungen<\/h1><p>Falls ihre Versicherung f\u00fcr die Kostengutsprache eine \u00e4rztliche Verordnung verlangt, fragen sie bei ihrem Arzt nach einer Verordnung f\u00fcr \u00abMedizinische Massage\u00bb. <br \/>Hier finden sie eine Vorlage f\u00fcr ihren Arzt. Bei Fragen unterst\u00fctze ich sie gerne.<\/p><p><a href=\\\"https:\/\/knetkur.ch\/wp-content\/uploads\/2023\/09\/VDMS_Therapieverordnung_Oktober202_interaktiv.pdf\\\">\u2192 Therapieverordnung f\u00fcr Medizinische Massage (PDF)<\/a><\/p>\",\r\n      \"align\": \"top\",\r\n      \"row\": 2,\r\n      \"col\": 0,\r\n      \"colspan\": 12,\r\n      \"offsetx\": 0,\r\n      \"offsety\": 0,\r\n      \"spaceabove\": 0,\r\n      \"spacebelow\": 0,\r\n      \"yvel\": 1,\r\n      \"push\": 0,\r\n      \"relid\": 4\r\n    },\r\n    {\r\n      \"type\": \"text\",\r\n      \"cont\": \"<h1 class=\\\"_Ueberschrift\\\">Abrechnung<\/h1><p>Die Bezahlung erfolgt im Anschluss an die Behandlung vor Ort. <br \/>Die Quittung und den R\u00fcckforderungsbeleg f\u00fcr Ihre Krankenkasse sende ich Ihnen gerne per Mail oder in Papierform per Post.<\/p><h1 class=\\\"_Ueberschrift\\\">Zahlungsm\u00f6glichkeiten<\/h1><p>Bar \/ Twint \/ EC-Maestro \/ Visa \/ Mastercard<\/p><h1 class=\\\"_Ueberschrift\\\">Gutscheine<\/h1><p class=\\\"_Default\\\">Stelle ich gerne \u00fcber den von Ihnen gew\u00fcnschten Betrag aus.<\/p><p class=\\\"_Default\\\"><a rel=\\\"noopener\\\" href=\\\"mailto:info@knetkur.ch\\\" target=\\\"_blank\\\">\u2192 Direkt via Mail\u00a0bestellen<\/a><\/p><h1 class=\\\"_Ueberschrift\\\">Einwilligungserkl\u00e4rung Datenschutz gem\u00e4ss neuem DsG ab 1. September 2023<\/h1><p class=\\\"_Default\\\">Bitte die beiden Einwilligungserkl\u00e4rungen zum Datenschutz betreffend Versand &amp; Korrespondenz via Mail unterzeichnen und mitbringen oder direkt via <a rel=\\\"noopener\\\" href=\\\"mailto:info@knetkur.ch\\\" target=\\\"_blank\\\">Mail<\/a> schicken.<\/p><p><a href=\\\"https:\/\/knetkur.ch\/wp-content\/uploads\/2023\/08\/Einwilligungserklaerung_Rechnungsversand-per-E-Mail.pdf\\\">\u2192 Einwilligungserkl\u00e4rung Rechnungsversand via E-Mail <\/a><\/p><p><a href=\\\"https:\/\/knetkur.ch\/wp-content\/uploads\/2023\/08\/Einwilligungserklaerung-_-Korrespondenz-per-E-Mail_WhatApp.pdf\\\">\u2192 Einwilligungserkl\u00e4rung Korrespondenz via E-Mail WhatsApp<\/a><a href=\\\"https:\/\/knetkur.ch\/wp-content\/uploads\/2023\/08\/Einwilligungserklaerung-_-Korrespondenz-per-E-Mail_WhatsApp.pdf\\\"> <\/a><\/p><p>\u00a0<\/p>\",\r\n      \"align\": \"top\",\r\n      \"row\": 3,\r\n      \"col\": 0,\r\n      \"colspan\": 12,\r\n      \"offsetx\": 0,\r\n      \"offsety\": 0,\r\n      \"spaceabove\": 0,\r\n      \"spacebelow\": 0,\r\n      \"yvel\": 1,\r\n      \"push\": 0,\r\n      \"relid\": 5,\r\n      \"frameOverflow\": \"right\"\r\n    }\r\n  ]\r\n}","phonegrid":"{\r\n  \"colCount\": 12,\r\n  \"colGutter\": 1,\r\n  \"rowGutters\": [\r\n    5,\r\n    0,\r\n    40\r\n  ],\r\n  \"frameMargin\": 0,\r\n  \"topFrameMargin\": 5,\r\n  \"bottomFrameMargin\": 30,\r\n  \"rowAttrs\": [\r\n    {},\r\n    {},\r\n    {},\r\n    {}\r\n  ],\r\n  \"bgColor\": null,\r\n  \"cont\": [\r\n    {\r\n      \"type\": \"img\",\r\n      \"cont\": \"\/wp-content\/uploads\/2020\/02\/mensch.png\",\r\n      \"align\": \"middle\",\r\n      \"row\": 0,\r\n      \"col\": 0,\r\n      \"colspan\": 12,\r\n      \"offsetx\": 0,\r\n      \"offsety\": 0,\r\n      \"spaceabove\": 0,\r\n      \"spacebelow\": 0,\r\n      \"yvel\": 1,\r\n      \"push\": 0,\r\n      \"relid\": 129,\r\n      \"attid\": 184,\r\n      \"sizes\": {\r\n        \"full\": \"\/wp-content\/uploads\/2020\/02\/mensch.png\",\r\n        \"_1920\": \"\/wp-content\/uploads\/2020\/02\/mensch-1920x1439.png\",\r\n        \"_1280\": \"\/wp-content\/uploads\/2020\/02\/mensch-1280x959.png\",\r\n        \"_1024\": \"\/wp-content\/uploads\/2020\/02\/mensch-1024x767.png\",\r\n        \"_768\": \"\/wp-content\/uploads\/2020\/02\/mensch-768x576.png\",\r\n        \"_512\": \"\/wp-content\/uploads\/2020\/02\/mensch-512x384.png\",\r\n        \"_265\": \"\/wp-content\/uploads\/2020\/02\/mensch-265x199.png\"\r\n      },\r\n      \"w\": 2382,\r\n      \"h\": 1785,\r\n      \"ar\": 0.7493702770780857,\r\n      \"alt\": \"\",\r\n      \"frameOverflow\": \"\",\r\n      \"classes\": \"fixed-bg\"\r\n    },\r\n    {\r\n      \"type\": \"img\",\r\n      \"cont\": \"\/wp-content\/uploads\/2020\/01\/Papierkram.png\",\r\n      \"align\": \"top\",\r\n      \"row\": 1,\r\n      \"col\": 0,\r\n      \"colspan\": 12,\r\n      \"offsetx\": 0,\r\n      \"offsety\": 0,\r\n      \"spaceabove\": 0,\r\n      \"spacebelow\": 0,\r\n      \"yvel\": 1,\r\n      \"push\": 0,\r\n      \"relid\": 217,\r\n      \"attid\": 113,\r\n      \"sizes\": {\r\n        \"full\": \"\/wp-content\/uploads\/2020\/01\/Papierkram.png\",\r\n        \"_1920\": \"\/wp-content\/uploads\/2020\/01\/Papierkram-1920x852.png\",\r\n        \"_1280\": \"\/wp-content\/uploads\/2020\/01\/Papierkram-1280x568.png\",\r\n        \"_1024\": \"\/wp-content\/uploads\/2020\/01\/Papierkram-1024x455.png\",\r\n        \"_768\": \"\/wp-content\/uploads\/2020\/01\/Papierkram-768x341.png\",\r\n        \"_512\": \"\/wp-content\/uploads\/2020\/01\/Papierkram-512x227.png\",\r\n        \"_265\": \"\/wp-content\/uploads\/2020\/01\/Papierkram-265x118.png\"\r\n      },\r\n      \"w\": 2383,\r\n      \"h\": 1058,\r\n      \"ar\": 0.443978178766261,\r\n      \"alt\": \"\",\r\n      \"frameOverflow\": \"\",\r\n      \"classes\": \"hands\"\r\n    },\r\n    {\r\n      \"type\": \"text\",\r\n      \"cont\": \"<h1 class=\\\"_Titel\\\">Papierkram<\/h1><h1 class=\\\"_Untertitel\\\">Preise + Versicherung<\/h1><h1><strong>Preis\u00e4nderung<\/strong> per 1.1.2026 NEU 60 Minuten CHF 145.-\u00a0<br \/>Abrechnung gem\u00e4ss Tarif 590 pro 5 Min. CHF 12.085<br \/><br \/><\/h1><h1 class=\\\"_Ueberschrift\\\">Preise<\/h1><p>60 Minuten CHF 140.-<br \/>Abrechnung gem\u00e4ss Tarif 590 pro 5 Min. CHF 11.66<\/p><h1 class=\\\"_Ueberschrift\\\"><br \/>Allgemeine Gesch\u00e4ftsbedingungen (AGB) Im Verhinderungsfall<\/h1><p>Bitte 24h vorher abmelden via Mail <a class=\\\"\\\" href=\\\"mailto:info@knetkur.ch\\\" data-id=\\\"0\\\">e-Mail<\/a>, WhatsApp, SMS oder Telefonisch +41 76 247 81 94. Andernfalls wird die Sitzung zum vollen Tarif verrechnet. Der R\u00fcckforderungsbeleg f\u00fcr die Krankankasse wird als <br \/>\\\"verpasste Konsultation\\\" ausgestellt und privat in Rechnung gestellt.<\/p><h1 class=\\\"_Ueberschrift\\\">Krankenkasse<\/h1><p>Die Kosten f\u00fcr die Medizinische Massage werden nicht von der obligatorischen Grundversicherung \u00fcbernommen. Daf\u00fcr braucht es eine freiwillige Zusatzversicherung (Komplement\u00e4rmedizin). <br \/><br \/>Ich bin bei s\u00e4mtlichen Zusatzversicherungen als Therapeutin anerkannt. <br \/>Bitte erkundigen sie sich im Voraus bei ihrer Versicherung ob und zu welchem Kostenanteil die Behandlung \u00fcbernommen wird.<\/p><h1 class=\\\"_Ueberschrift\\\">Unfallversicherung<\/h1><p>Bei einem Unfall ben\u00f6tigen Sie zwingend eine Kostengusprache ihrer Unfallversicherung. Bitte kl\u00e4ren Sie das direkt mit der zust\u00e4ndigen Versicherung im Vorfeld ab.<\/p><h1 class=\\\"_Ueberschrift\\\">\u00c4rztliche Verordnungen<\/h1><p>Falls ihre Versicherung f\u00fcr die Kostengutsprache eine \u00e4rztliche Verordnung verlangt, fragen sie bei ihrem Arzt nach einer Verordnung f\u00fcr \u00abMedizinische Massage\u00bb. <br \/>Hier finden sie eine Vorlage f\u00fcr ihren Arzt. Bei Fragen unterst\u00fctze ich sie gerne.<\/p><p><a href=\\\"https:\/\/knetkur.ch\/wp-content\/uploads\/2023\/09\/VDMS_Therapieverordnung_Oktober202_interaktiv.pdf\\\">\u2192 Therapieverordnung f\u00fcr Medizinische Massage (PDF)<\/a><\/p>\",\r\n      \"align\": \"top\",\r\n      \"row\": 2,\r\n      \"col\": 0,\r\n      \"colspan\": 12,\r\n      \"offsetx\": 0,\r\n      \"offsety\": 0,\r\n      \"spaceabove\": 0,\r\n      \"spacebelow\": 0,\r\n      \"yvel\": 1,\r\n      \"push\": 0,\r\n      \"relid\": 4,\r\n      \"frameOverflow\": \"\"\r\n    },\r\n    {\r\n      \"type\": \"text\",\r\n      \"cont\": \"<h1 class=\\\"_Ueberschrift\\\">Abrechnung<\/h1><p>Die Bezahlung erfolgt im Anschluss an die Behandlung vor Ort. <br \/>Die Quittung und den R\u00fcckforderungsbeleg f\u00fcr Ihre Krankenkasse sende ich Ihnen gerne per Mail oder in Papierform per Post.<\/p><h1 class=\\\"_Ueberschrift\\\">Zahlungsm\u00f6glichkeiten<\/h1><p>Bar \/ Twint \/ EC-Maestro \/ Visa \/ Mastercard<\/p><h1 class=\\\"_Ueberschrift\\\">Gutscheine<\/h1><p class=\\\"_Default\\\">Stelle ich gerne \u00fcber den von Ihnen gew\u00fcnschten Betrag aus.<\/p><p class=\\\"_Default\\\"><a rel=\\\"noopener\\\" href=\\\"mailto:info@knetkur.ch\\\" target=\\\"_blank\\\">\u2192 Direkt via Mail\u00a0bestellen<\/a><\/p><h1 class=\\\"_Ueberschrift\\\">Einwilligungserkl\u00e4rung Datenschutz gem\u00e4ss neuem DsG ab 1. September 2023<\/h1><p class=\\\"_Default\\\">Bitte die beiden Einwilligungserkl\u00e4rungen zum Datenschutz betreffend Versand &amp; Korrespondenz via Mail unterzeichnen und mitbringen oder direkt via <a rel=\\\"noopener\\\" href=\\\"mailto:info@knetkur.ch\\\" target=\\\"_blank\\\">Mail<\/a> schicken.<\/p><p><a href=\\\"https:\/\/knetkur.ch\/wp-content\/uploads\/2023\/08\/Einwilligungserklaerung_Rechnungsversand-per-E-Mail.pdf\\\">\u2192 Einwilligungserkl\u00e4rung Rechnungsversand via E-Mail <\/a><\/p><p><a href=\\\"https:\/\/knetkur.ch\/wp-content\/uploads\/2023\/08\/Einwilligungserklaerung-_-Korrespondenz-per-E-Mail_WhatApp.pdf\\\">\u2192 Einwilligungserkl\u00e4rung Korrespondenz via E-Mail WhatsApp<\/a><a href=\\\"https:\/\/knetkur.ch\/wp-content\/uploads\/2023\/08\/Einwilligungserklaerung-_-Korrespondenz-per-E-Mail_WhatsApp.pdf\\\"> <\/a><\/p><p>\u00a0<\/p>\",\r\n      \"align\": \"top\",\r\n      \"row\": 3,\r\n      \"col\": 0,\r\n      \"colspan\": 12,\r\n      \"offsetx\": 0,\r\n      \"offsety\": 0,\r\n      \"spaceabove\": 0,\r\n      \"spacebelow\": 0,\r\n      \"yvel\": 1,\r\n      \"push\": 0,\r\n      \"relid\": 5,\r\n      \"frameOverflow\": \"right\"\r\n    }\r\n  ]\r\n}","_links":{"self":[{"href":"https:\/\/knetkur.ch\/de\/wp-json\/wp\/v2\/pages\/7","targetHints":{"allow":["GET"]}}],"collection":[{"href":"https:\/\/knetkur.ch\/de\/wp-json\/wp\/v2\/pages"}],"about":[{"href":"https:\/\/knetkur.ch\/de\/wp-json\/wp\/v2\/types\/page"}],"author":[{"embeddable":true,"href":"https:\/\/knetkur.ch\/de\/wp-json\/wp\/v2\/users\/1"}],"replies":[{"embeddable":true,"href":"https:\/\/knetkur.ch\/de\/wp-json\/wp\/v2\/comments?post=7"}],"version-history":[{"count":0,"href":"https:\/\/knetkur.ch\/de\/wp-json\/wp\/v2\/pages\/7\/revisions"}],"wp:attachment":[{"href":"https:\/\/knetkur.ch\/de\/wp-json\/wp\/v2\/media?parent=7"}],"curies":[{"name":"wp","href":"https:\/\/api.w.org\/{rel}","templated":true}]}}